{"id":1064,"date":"2021-09-09T18:38:33","date_gmt":"2021-09-09T16:38:33","guid":{"rendered":"https:\/\/vlasovapawlica.de\/?page_id=1064"},"modified":"2021-09-09T18:38:35","modified_gmt":"2021-09-09T16:38:35","slug":"die-jahreszeiten-2018","status":"publish","type":"page","link":"https:\/\/vlasovapawlica.de\/?page_id=1064","title":{"rendered":"DIE JAHRESZEITEN (2018)"},"content":{"rendered":"\n<div class=\"wp-block-columns alignwide is-layout-flex wp-container-core-columns-is-layout-1 wp-block-columns-is-layout-flex\">\n<div class=\"wp-block-column is-layout-flow wp-block-column-is-layout-flow\">\n<figure class=\"wp-block-image size-large\"><img loading=\"lazy\" decoding=\"async\" width=\"1024\" height=\"683\" data-attachment-id=\"839\" data-permalink=\"https:\/\/vlasovapawlica.de\/?attachment_id=839\" data-orig-file=\"https:\/\/vlasovapawlica.de\/wp-content\/uploads\/2020\/03\/1B052786-0D19-4D2E-8C1C-19DA63D34A2F-scaled.jpeg\" data-orig-size=\"2560,1709\" data-comments-opened=\"0\" data-image-meta=\"{&quot;aperture&quot;:&quot;2.8&quot;,&quot;credit&quot;:&quot;&quot;,&quot;camera&quot;:&quot;NIKON D810&quot;,&quot;caption&quot;:&quot;&quot;,&quot;created_timestamp&quot;:&quot;1520978177&quot;,&quot;copyright&quot;:&quot;&quot;,&quot;focal_length&quot;:&quot;130&quot;,&quot;iso&quot;:&quot;2000&quot;,&quot;shutter_speed&quot;:&quot;0.005&quot;,&quot;title&quot;:&quot;&quot;,&quot;orientation&quot;:&quot;0&quot;}\" data-image-title=\"1B052786-0D19-4D2E-8C1C-19DA63D34A2F\" data-image-description=\"\" data-image-caption=\"\" data-medium-file=\"https:\/\/vlasovapawlica.de\/wp-content\/uploads\/2020\/03\/1B052786-0D19-4D2E-8C1C-19DA63D34A2F-300x200.jpeg\" data-large-file=\"https:\/\/vlasovapawlica.de\/wp-content\/uploads\/2020\/03\/1B052786-0D19-4D2E-8C1C-19DA63D34A2F-1024x683.jpeg\" src=\"https:\/\/vlasovapawlica.de\/wp-content\/uploads\/2020\/03\/1B052786-0D19-4D2E-8C1C-19DA63D34A2F-1024x683.jpeg\" alt=\"\" class=\"wp-image-839\" srcset=\"https:\/\/vlasovapawlica.de\/wp-content\/uploads\/2020\/03\/1B052786-0D19-4D2E-8C1C-19DA63D34A2F-1024x683.jpeg 1024w, https:\/\/vlasovapawlica.de\/wp-content\/uploads\/2020\/03\/1B052786-0D19-4D2E-8C1C-19DA63D34A2F-300x200.jpeg 300w, https:\/\/vlasovapawlica.de\/wp-content\/uploads\/2020\/03\/1B052786-0D19-4D2E-8C1C-19DA63D34A2F-768x513.jpeg 768w, https:\/\/vlasovapawlica.de\/wp-content\/uploads\/2020\/03\/1B052786-0D19-4D2E-8C1C-19DA63D34A2F-1536x1025.jpeg 1536w, https:\/\/vlasovapawlica.de\/wp-content\/uploads\/2020\/03\/1B052786-0D19-4D2E-8C1C-19DA63D34A2F-2048x1367.jpeg 2048w, https:\/\/vlasovapawlica.de\/wp-content\/uploads\/2020\/03\/1B052786-0D19-4D2E-8C1C-19DA63D34A2F-1200x801.jpeg 1200w, https:\/\/vlasovapawlica.de\/wp-content\/uploads\/2020\/03\/1B052786-0D19-4D2E-8C1C-19DA63D34A2F-1980x1322.jpeg 1980w, https:\/\/vlasovapawlica.de\/wp-content\/uploads\/2020\/03\/1B052786-0D19-4D2E-8C1C-19DA63D34A2F-1320x881.jpeg 1320w\" sizes=\"(max-width: 1024px) 100vw, 1024px\" \/><\/figure>\n\n\n\n<figure class=\"wp-block-embed is-type-rich is-provider-handler-einbetten wp-block-embed-handler-einbetten wp-embed-aspect-16-9 wp-has-aspect-ratio\"><div class=\"wp-block-embed__wrapper\">\n<div class=\"embed-vimeo\" style=\"text-align: center;\"><iframe loading=\"lazy\" src=\"https:\/\/player.vimeo.com\/video\/289242663\" width=\"800\" height=\"450\" frameborder=\"0\" webkitallowfullscreen mozallowfullscreen allowfullscreen><\/iframe><\/div>\n<\/div><\/figure>\n\n\n\n<figure class=\"wp-block-image size-large\"><img loading=\"lazy\" decoding=\"async\" width=\"1024\" height=\"683\" data-attachment-id=\"1065\" data-permalink=\"https:\/\/vlasovapawlica.de\/?attachment_id=1065\" data-orig-file=\"https:\/\/vlasovapawlica.de\/wp-content\/uploads\/2021\/09\/DSC_7811-scaled.jpg\" data-orig-size=\"2560,1709\" data-comments-opened=\"0\" data-image-meta=\"{&quot;aperture&quot;:&quot;2.8&quot;,&quot;credit&quot;:&quot;&quot;,&quot;camera&quot;:&quot;NIKON D810&quot;,&quot;caption&quot;:&quot;&quot;,&quot;created_timestamp&quot;:&quot;1520889925&quot;,&quot;copyright&quot;:&quot;&quot;,&quot;focal_length&quot;:&quot;200&quot;,&quot;iso&quot;:&quot;1600&quot;,&quot;shutter_speed&quot;:&quot;0.004&quot;,&quot;title&quot;:&quot;&quot;,&quot;orientation&quot;:&quot;0&quot;}\" data-image-title=\"DSC_7811\" data-image-description=\"\" data-image-caption=\"\" data-medium-file=\"https:\/\/vlasovapawlica.de\/wp-content\/uploads\/2021\/09\/DSC_7811-300x200.jpg\" data-large-file=\"https:\/\/vlasovapawlica.de\/wp-content\/uploads\/2021\/09\/DSC_7811-1024x683.jpg\" src=\"https:\/\/vlasovapawlica.de\/wp-content\/uploads\/2021\/09\/DSC_7811-1024x683.jpg\" alt=\"\" class=\"wp-image-1065\" srcset=\"https:\/\/vlasovapawlica.de\/wp-content\/uploads\/2021\/09\/DSC_7811-1024x683.jpg 1024w, https:\/\/vlasovapawlica.de\/wp-content\/uploads\/2021\/09\/DSC_7811-300x200.jpg 300w, https:\/\/vlasovapawlica.de\/wp-content\/uploads\/2021\/09\/DSC_7811-768x513.jpg 768w, https:\/\/vlasovapawlica.de\/wp-content\/uploads\/2021\/09\/DSC_7811-1536x1025.jpg 1536w, https:\/\/vlasovapawlica.de\/wp-content\/uploads\/2021\/09\/DSC_7811-2048x1367.jpg 2048w, https:\/\/vlasovapawlica.de\/wp-content\/uploads\/2021\/09\/DSC_7811-1200x801.jpg 1200w, https:\/\/vlasovapawlica.de\/wp-content\/uploads\/2021\/09\/DSC_7811-1980x1321.jpg 1980w, https:\/\/vlasovapawlica.de\/wp-content\/uploads\/2021\/09\/DSC_7811-1320x881.jpg 1320w\" sizes=\"(max-width: 1024px) 100vw, 1024px\" \/><\/figure>\n\n\n\n<figure class=\"wp-block-image size-large\"><img loading=\"lazy\" decoding=\"async\" width=\"1024\" height=\"683\" data-attachment-id=\"1066\" data-permalink=\"https:\/\/vlasovapawlica.de\/?attachment_id=1066\" data-orig-file=\"https:\/\/vlasovapawlica.de\/wp-content\/uploads\/2021\/09\/DSC_8360-scaled.jpg\" data-orig-size=\"2560,1709\" data-comments-opened=\"0\" data-image-meta=\"{&quot;aperture&quot;:&quot;2.8&quot;,&quot;credit&quot;:&quot;&quot;,&quot;camera&quot;:&quot;NIKON D810&quot;,&quot;caption&quot;:&quot;&quot;,&quot;created_timestamp&quot;:&quot;1520973187&quot;,&quot;copyright&quot;:&quot;&quot;,&quot;focal_length&quot;:&quot;200&quot;,&quot;iso&quot;:&quot;1000&quot;,&quot;shutter_speed&quot;:&quot;0.003125&quot;,&quot;title&quot;:&quot;&quot;,&quot;orientation&quot;:&quot;0&quot;}\" data-image-title=\"DSC_8360\" data-image-description=\"\" data-image-caption=\"\" data-medium-file=\"https:\/\/vlasovapawlica.de\/wp-content\/uploads\/2021\/09\/DSC_8360-300x200.jpg\" data-large-file=\"https:\/\/vlasovapawlica.de\/wp-content\/uploads\/2021\/09\/DSC_8360-1024x683.jpg\" src=\"https:\/\/vlasovapawlica.de\/wp-content\/uploads\/2021\/09\/DSC_8360-1024x683.jpg\" alt=\"\" class=\"wp-image-1066\" srcset=\"https:\/\/vlasovapawlica.de\/wp-content\/uploads\/2021\/09\/DSC_8360-1024x683.jpg 1024w, https:\/\/vlasovapawlica.de\/wp-content\/uploads\/2021\/09\/DSC_8360-300x200.jpg 300w, https:\/\/vlasovapawlica.de\/wp-content\/uploads\/2021\/09\/DSC_8360-768x513.jpg 768w, https:\/\/vlasovapawlica.de\/wp-content\/uploads\/2021\/09\/DSC_8360-1536x1025.jpg 1536w, https:\/\/vlasovapawlica.de\/wp-content\/uploads\/2021\/09\/DSC_8360-2048x1367.jpg 2048w, https:\/\/vlasovapawlica.de\/wp-content\/uploads\/2021\/09\/DSC_8360-1200x801.jpg 1200w, https:\/\/vlasovapawlica.de\/wp-content\/uploads\/2021\/09\/DSC_8360-1980x1322.jpg 1980w, https:\/\/vlasovapawlica.de\/wp-content\/uploads\/2021\/09\/DSC_8360-1320x881.jpg 1320w\" sizes=\"(max-width: 1024px) 100vw, 1024px\" \/><\/figure>\n\n\n\n<p><em>Fotos: Leszek Januszewski<\/em><\/p>\n<\/div>\n\n\n\n<div class=\"wp-block-column is-layout-flow wp-block-column-is-layout-flow\">\n<p><strong>Premiere:\u00a0<\/strong>15.03. 2018, Forum am Schlosspark Ludwigsburg<\/p>\n\n\n\n<p>EINE KOPRODUKTION VON VLASOVA \/ PAWLICA MIT AXEL BRAUCH, FORUM AM SCHLOSSPARK LUDWIGSBURG UND DEM KULTURAMT DER STADT LUDWIGSBURG<\/p>\n\n\n\n<p>Der Wechsel der Jahreszeiten ist eine grunds\u00e4tzliche, kollektive, menschliche Lebenserfahrung.<br>\u00dcberall dort, wo es auf der Erde Jahreszeiten gibt, beeinflussen sie unser Leben, unseren Rhythmus, unser Verst\u00e4ndnis als Mensch. Sie pr\u00e4gen und ver\u00e4ndern unsere Vorstellungswelten, unseren Glauben und spielen deshalb in der Kunst und Kultur ein wichtige Rolle.<br>In Zeiten des Klimawandels und der globalen Erw\u00e4rmung r\u00fcckt f\u00fcr uns, als K\u00fcnstler, die Besch\u00e4ftigung mit den Jahreszeiten, die sich ver\u00e4ndern, zu anderen Zeiten einsetzen, die Klimafl\u00fcchtlinge hervorbringen, Naturkatastrophen ausl\u00f6sen, Hungersn\u00f6te, Kriege um Wasser und dergleichen mehr, in den Fokus der k\u00fcnstlerischen Auseinandersetzung mit Joseph Haydns Jahreszeiten.<br>Es ist Zeit die optimistische Grundhaltung zu hinterfragen. Im Libretto des Oratoriums waren zun\u00e4chst noch Texte \u00fcber die Industrialisierung der Welt vorgesehen, zu denen Haydn allerdings nicht einfiel, wie er diesen \u201eL\u00e4rm\u201c in Musik umwandeln sollte.<br>Er stilisierte das Landleben am Ende des 18. Jahrhunderts als h\u00f6chstes Gut und die Naturverbundenheit als erstrebenswertes Ziel im Gegensatz zum Leben in den St\u00e4dten. Deswegen fielen in der weiteren Arbeit diese Texte \u00fcber St\u00e4dte und Industrialisierung wieder heraus.<br>F\u00fcr uns ist es interessant diese verlorenen, oder besser gesagt nie geschriebenen Passagen \u00fcber die Industrialisierung der Welt wieder in das St\u00fcck hinein zu bekommen.<br>In Bezug zur heutigen Welt zu setzen.<br>Deswegen wird neben der Originalmusik Haydns auch eine Band hinzukommen, die eben diesen \u201eL\u00e4rm\u201c, das Ger\u00e4usch, die Gegenwelt, musikalisch gestalten wird.<br>Anhand unserer Bearbeitung des Oratoriums \u201eDie Jahreszeiten\u201c wollen wir den Zuschauer aufr\u00fctteln, den Planeten Erde, der unser aller Heimat ist, als sch\u00fctzenswert und gef\u00e4hrdet wahrzunehmen.<br>Und genau deswegen die Hoffnung nicht aufzugeben f\u00fcr eine bessere Welt zu k\u00e4mpfen.<\/p>\n\n\n\n<p><strong>Regie:\u00a0<\/strong>Axel Brauch<\/p>\n\n\n\n<p><strong>B\u00fchne\/Kost\u00fcm:&nbsp;<\/strong>Gesine Pitzer<\/p>\n\n\n\n<p><strong>Dramaturgie:&nbsp;<\/strong>Annika Pinter<\/p>\n<\/div>\n<\/div>\n<div class=\"sharedaddy sd-sharing-enabled\"><div class=\"robots-nocontent sd-block sd-social sd-social-icon sd-sharing\"><h3 class=\"sd-title\">Teilen mit:<\/h3><div class=\"sd-content\"><ul><li class=\"share-twitter\"><a rel=\"nofollow noopener noreferrer\" data-shared=\"sharing-twitter-1064\" class=\"share-twitter sd-button share-icon no-text\" href=\"https:\/\/vlasovapawlica.de\/?page_id=1064&amp;share=twitter\" target=\"_blank\" title=\"Klick, um \u00fcber Twitter zu teilen\"><span><\/span><span class=\"sharing-screen-reader-text\">Klick, um \u00fcber Twitter zu teilen (Wird in neuem Fenster ge\u00f6ffnet)<\/span><\/a><\/li><li class=\"share-facebook\"><a rel=\"nofollow noopener noreferrer\" data-shared=\"sharing-facebook-1064\" class=\"share-facebook sd-button share-icon no-text\" href=\"https:\/\/vlasovapawlica.de\/?page_id=1064&amp;share=facebook\" target=\"_blank\" title=\"Klick, um auf Facebook zu teilen\"><span><\/span><span class=\"sharing-screen-reader-text\">Klick, um auf Facebook zu teilen (Wird in neuem Fenster ge\u00f6ffnet)<\/span><\/a><\/li><li class=\"share-end\"><\/li><\/ul><\/div><\/div><\/div>","protected":false},"excerpt":{"rendered":"<p>Fotos: Leszek Januszewski Premiere:\u00a015.03. 2018, Forum am Schlosspark Ludwigsburg EINE KOPRODUKTION VON VLASOVA \/ PAWLICA MIT AXEL BRAUCH, FORUM AM SCHLOSSPARK LUDWIGSBURG UND DEM KULTURAMT DER STADT LUDWIGSBURG Der Wechsel der Jahreszeiten ist eine grunds\u00e4tzliche, kollektive, menschliche Lebenserfahrung.\u00dcberall dort, wo es auf der Erde Jahreszeiten gibt, beeinflussen sie unser Leben, unseren Rhythmus, unser Verst\u00e4ndnis als&hellip;<\/p>\n<div class=\"sharedaddy sd-sharing-enabled\"><div class=\"robots-nocontent sd-block sd-social sd-social-icon sd-sharing\"><h3 class=\"sd-title\">Teilen mit:<\/h3><div class=\"sd-content\"><ul><li class=\"share-twitter\"><a rel=\"nofollow noopener noreferrer\" data-shared=\"sharing-twitter-1064\" class=\"share-twitter sd-button share-icon no-text\" href=\"https:\/\/vlasovapawlica.de\/?page_id=1064&amp;share=twitter\" target=\"_blank\" title=\"Klick, um \u00fcber Twitter zu teilen\"><span><\/span><span class=\"sharing-screen-reader-text\">Klick, um \u00fcber Twitter zu teilen (Wird in neuem Fenster ge\u00f6ffnet)<\/span><\/a><\/li><li class=\"share-facebook\"><a rel=\"nofollow noopener noreferrer\" data-shared=\"sharing-facebook-1064\" class=\"share-facebook sd-button share-icon no-text\" href=\"https:\/\/vlasovapawlica.de\/?page_id=1064&amp;share=facebook\" target=\"_blank\" title=\"Klick, um auf Facebook zu teilen\"><span><\/span><span class=\"sharing-screen-reader-text\">Klick, um auf Facebook zu teilen (Wird in neuem Fenster ge\u00f6ffnet)<\/span><\/a><\/li><li class=\"share-end\"><\/li><\/ul><\/div><\/div><\/div>","protected":false},"author":1,"featured_media":0,"parent":0,"menu_order":5,"comment_status":"closed","ping_status":"closed","template":"","meta":{"_acf_changed":false,"spay_email":"","footnotes":""},"acf":[],"jetpack_likes_enabled":true,"jetpack_sharing_enabled":true,"jetpack_shortlink":"https:\/\/wp.me\/Pcv3L7-ha","_links":{"self":[{"href":"https:\/\/vlasovapawlica.de\/index.php?rest_route=\/wp\/v2\/pages\/1064"}],"collection":[{"href":"https:\/\/vlasovapawlica.de\/index.php?rest_route=\/wp\/v2\/pages"}],"about":[{"href":"https:\/\/vlasovapawlica.de\/index.php?rest_route=\/wp\/v2\/types\/page"}],"author":[{"embeddable":true,"href":"https:\/\/vlasovapawlica.de\/index.php?rest_route=\/wp\/v2\/users\/1"}],"replies":[{"embeddable":true,"href":"https:\/\/vlasovapawlica.de\/index.php?rest_route=%2Fwp%2Fv2%2Fcomments&post=1064"}],"version-history":[{"count":1,"href":"https:\/\/vlasovapawlica.de\/index.php?rest_route=\/wp\/v2\/pages\/1064\/revisions"}],"predecessor-version":[{"id":1067,"href":"https:\/\/vlasovapawlica.de\/index.php?rest_route=\/wp\/v2\/pages\/1064\/revisions\/1067"}],"wp:attachment":[{"href":"https:\/\/vlasovapawlica.de\/index.php?rest_route=%2Fwp%2Fv2%2Fmedia&parent=1064"}],"curies":[{"name":"wp","href":"https:\/\/api.w.org\/{rel}","templated":true}]}}